{"id":1500,"date":"2021-10-05T19:03:20","date_gmt":"2021-10-05T19:03:20","guid":{"rendered":"https:\/\/interaudit.com.br\/?page_id=1500"},"modified":"2021-10-05T19:21:05","modified_gmt":"2021-10-05T19:21:05","slug":"boletim-informativo-1-semana-de-outubro","status":"publish","type":"page","link":"https:\/\/interaudit.com.br\/index.php\/boletim-informativo-1-semana-de-outubro\/","title":{"rendered":"Boletim informativo 1 semana de outubro"},"content":{"rendered":"\t\t<div data-elementor-type=\"wp-page\" data-elementor-id=\"1500\" class=\"elementor elementor-1500\" data-elementor-settings=\"[]\">\n\t\t\t\t\t\t\t<div class=\"elementor-section-wrap\">\n\t\t\t\t\t\t\t<section class=\"elementor-section elementor-top-section elementor-element elementor-element-53f674e9 elementor-section-boxed elementor-section-height-default elementor-section-height-default\" data-id=\"53f674e9\" data-element_type=\"section\">\n\t\t\t\t\t\t<div class=\"elementor-container elementor-column-gap-default\">\n\t\t\t\t\t<div class=\"elementor-column elementor-col-100 elementor-top-column elementor-element elementor-element-49891d3b\" data-id=\"49891d3b\" data-element_type=\"column\">\n\t\t\t<div class=\"elementor-widget-wrap elementor-element-populated\">\n\t\t\t\t\t\t\t\t<section class=\"elementor-section elementor-inner-section elementor-element elementor-element-3009aeb3 elementor-section-boxed elementor-section-height-default elementor-section-height-default\" data-id=\"3009aeb3\" data-element_type=\"section\">\n\t\t\t\t\t\t<div class=\"elementor-container elementor-column-gap-default\">\n\t\t\t\t\t<div class=\"elementor-column elementor-col-50 elementor-inner-column elementor-element elementor-element-388d0abf\" data-id=\"388d0abf\" data-element_type=\"column\">\n\t\t\t<div class=\"elementor-widget-wrap elementor-element-populated\">\n\t\t\t\t\t\t\t\t<div class=\"elementor-element elementor-element-4100ac68 elementor-widget elementor-widget-image\" data-id=\"4100ac68\" data-element_type=\"widget\" data-widget_type=\"image.default\">\n\t\t\t\t<div class=\"elementor-widget-container\">\n\t\t\t\t\t\t\t\t\t\t\t\t\t\t\t<img loading=\"lazy\" decoding=\"async\" width=\"664\" height=\"120\" src=\"https:\/\/interaudit.com.br\/wp-content\/uploads\/2021\/04\/logo-horizontal.jpg\" class=\"attachment-large size-large\" alt=\"\" srcset=\"https:\/\/interaudit.com.br\/wp-content\/uploads\/2021\/04\/logo-horizontal.jpg 664w, https:\/\/interaudit.com.br\/wp-content\/uploads\/2021\/04\/logo-horizontal-300x54.jpg 300w\" sizes=\"auto, (max-width: 664px) 100vw, 664px\" \/>\t\t\t\t\t\t\t\t\t\t\t\t\t\t\t<\/div>\n\t\t\t\t<\/div>\n\t\t\t\t\t<\/div>\n\t\t<\/div>\n\t\t\t\t<div class=\"elementor-column elementor-col-50 elementor-inner-column elementor-element elementor-element-2824b21e\" data-id=\"2824b21e\" data-element_type=\"column\">\n\t\t\t<div class=\"elementor-widget-wrap elementor-element-populated\">\n\t\t\t\t\t\t\t\t<div class=\"elementor-element elementor-element-31753885 elementor-view-default elementor-widget elementor-widget-icon\" data-id=\"31753885\" data-element_type=\"widget\" data-widget_type=\"icon.default\">\n\t\t\t\t<div class=\"elementor-widget-container\">\n\t\t\t\t\t<div class=\"elementor-icon-wrapper\">\n\t\t\t<a class=\"elementor-icon\" href=\"https:\/\/instagram.com\/interaudit_contabil?utm_medium=copy_link\" target=\"_blank\">\n\t\t\t<i aria-hidden=\"true\" class=\"fab fa-instagram\"><\/i>\t\t\t<\/a>\n\t\t<\/div>\n\t\t\t\t<\/div>\n\t\t\t\t<\/div>\n\t\t\t\t\t<\/div>\n\t\t<\/div>\n\t\t\t\t\t\t\t<\/div>\n\t\t<\/section>\n\t\t\t\t\t<\/div>\n\t\t<\/div>\n\t\t\t\t\t\t\t<\/div>\n\t\t<\/section>\n\t\t\t\t<section class=\"elementor-section elementor-top-section elementor-element elementor-element-74edcc97 elementor-section-boxed elementor-section-height-default elementor-section-height-default\" data-id=\"74edcc97\" data-element_type=\"section\" data-settings=\"{&quot;background_background&quot;:&quot;classic&quot;}\">\n\t\t\t\t\t\t<div class=\"elementor-container elementor-column-gap-default\">\n\t\t\t\t\t<div class=\"elementor-column elementor-col-100 elementor-top-column elementor-element elementor-element-122ba2c9\" data-id=\"122ba2c9\" data-element_type=\"column\" data-settings=\"{&quot;background_background&quot;:&quot;classic&quot;}\">\n\t\t\t<div class=\"elementor-widget-wrap elementor-element-populated\">\n\t\t\t\t\t\t\t\t<section class=\"elementor-section elementor-inner-section elementor-element elementor-element-3dc9a045 elementor-section-boxed elementor-section-height-default elementor-section-height-default\" data-id=\"3dc9a045\" data-element_type=\"section\">\n\t\t\t\t\t\t<div class=\"elementor-container elementor-column-gap-default\">\n\t\t\t\t\t<div class=\"elementor-column elementor-col-50 elementor-inner-column elementor-element elementor-element-739f832f\" data-id=\"739f832f\" data-element_type=\"column\">\n\t\t\t<div class=\"elementor-widget-wrap elementor-element-populated\">\n\t\t\t\t\t\t\t\t<div class=\"elementor-element elementor-element-c55b50a elementor-widget elementor-widget-heading\" data-id=\"c55b50a\" data-element_type=\"widget\" data-widget_type=\"heading.default\">\n\t\t\t\t<div class=\"elementor-widget-container\">\n\t\t\t<h2 class=\"elementor-heading-title elementor-size-default\">Boletim Informativo 1 Semana de Outubro 2021<\/h2>\t\t<\/div>\n\t\t\t\t<\/div>\n\t\t\t\t\t<\/div>\n\t\t<\/div>\n\t\t\t\t<div class=\"elementor-column elementor-col-50 elementor-inner-column elementor-element elementor-element-44d6491a\" data-id=\"44d6491a\" data-element_type=\"column\">\n\t\t\t<div class=\"elementor-widget-wrap elementor-element-populated\">\n\t\t\t\t\t\t\t\t<div class=\"elementor-element elementor-element-1214a26e elementor-widget elementor-widget-heading\" data-id=\"1214a26e\" data-element_type=\"widget\" data-widget_type=\"heading.default\">\n\t\t\t\t<div class=\"elementor-widget-container\">\n\t\t\t<h2 class=\"elementor-heading-title elementor-size-default\">Edi\u00e7\u00e3o 0013\/2021<\/h2>\t\t<\/div>\n\t\t\t\t<\/div>\n\t\t\t\t\t<\/div>\n\t\t<\/div>\n\t\t\t\t\t\t\t<\/div>\n\t\t<\/section>\n\t\t\t\t\t<\/div>\n\t\t<\/div>\n\t\t\t\t\t\t\t<\/div>\n\t\t<\/section>\n\t\t\t\t<section class=\"elementor-section elementor-top-section elementor-element elementor-element-1e54fc4d elementor-section-boxed elementor-section-height-default elementor-section-height-default\" data-id=\"1e54fc4d\" data-element_type=\"section\">\n\t\t\t\t\t\t<div class=\"elementor-container elementor-column-gap-default\">\n\t\t\t\t\t<div class=\"elementor-column elementor-col-100 elementor-top-column elementor-element elementor-element-598e3a15\" data-id=\"598e3a15\" data-element_type=\"column\" data-settings=\"{&quot;background_background&quot;:&quot;classic&quot;}\">\n\t\t\t<div class=\"elementor-widget-wrap elementor-element-populated\">\n\t\t\t\t\t\t\t\t<div class=\"elementor-element elementor-element-5f0120db elementor-grid-2 elementor-grid-tablet-2 elementor-grid-mobile-1 elementor-posts--thumbnail-top elementor-card-shadow-yes elementor-posts__hover-gradient elementor-widget elementor-widget-posts\" data-id=\"5f0120db\" data-element_type=\"widget\" data-settings=\"{&quot;cards_columns&quot;:&quot;2&quot;,&quot;cards_columns_tablet&quot;:&quot;2&quot;,&quot;cards_columns_mobile&quot;:&quot;1&quot;,&quot;cards_row_gap&quot;:{&quot;unit&quot;:&quot;px&quot;,&quot;size&quot;:35,&quot;sizes&quot;:[]},&quot;cards_row_gap_tablet&quot;:{&quot;unit&quot;:&quot;px&quot;,&quot;size&quot;:&quot;&quot;,&quot;sizes&quot;:[]},&quot;cards_row_gap_mobile&quot;:{&quot;unit&quot;:&quot;px&quot;,&quot;size&quot;:&quot;&quot;,&quot;sizes&quot;:[]}}\" data-widget_type=\"posts.cards\">\n\t\t\t\t<div class=\"elementor-widget-container\">\n\t\t\t\t\t<div class=\"elementor-posts-container elementor-posts elementor-posts--skin-cards elementor-grid\">\n\t\t\t\t<article class=\"elementor-post elementor-grid-item post-1512 post type-post status-publish format-standard has-post-thumbnail hentry category-uncategorized\">\n\t\t\t<div class=\"elementor-post__card\">\n\t\t\t\t<a class=\"elementor-post__thumbnail__link\" href=\"https:\/\/interaudit.com.br\/index.php\/2021\/10\/05\/empresas-tem-menos-de-uma-semana-para-cumprirem-prazo-da-ecf-e-da-lei-do-bem-3\/\" ><div class=\"elementor-post__thumbnail\"><img loading=\"lazy\" decoding=\"async\" width=\"300\" height=\"155\" src=\"https:\/\/interaudit.com.br\/wp-content\/uploads\/2021\/10\/n_48799_3dc9452b38ad831a1e20aedfa8a5521d-1-300x155.jpg\" class=\"attachment-medium size-medium\" alt=\"\" srcset=\"https:\/\/interaudit.com.br\/wp-content\/uploads\/2021\/10\/n_48799_3dc9452b38ad831a1e20aedfa8a5521d-1-300x155.jpg 300w, https:\/\/interaudit.com.br\/wp-content\/uploads\/2021\/10\/n_48799_3dc9452b38ad831a1e20aedfa8a5521d-1-768x397.jpg 768w, https:\/\/interaudit.com.br\/wp-content\/uploads\/2021\/10\/n_48799_3dc9452b38ad831a1e20aedfa8a5521d-1.jpg 870w\" sizes=\"auto, (max-width: 300px) 100vw, 300px\" \/><\/div><\/a>\n\t\t\t\t<div class=\"elementor-post__badge\">Trabalho e Previd\u00eancia<\/div>\n\t\t\t\t<div class=\"elementor-post__text\">\n\t\t\t\t<h3 class=\"elementor-post__title\">\n\t\t\t<a href=\"https:\/\/interaudit.com.br\/index.php\/2021\/10\/05\/empresas-tem-menos-de-uma-semana-para-cumprirem-prazo-da-ecf-e-da-lei-do-bem-3\/\" >\n\t\t\t\tEmpresas tem menos de uma semana para cumprirem prazo da ECF e da Lei do Bem\t\t\t<\/a>\n\t\t<\/h3>\n\t\t\t\t<div class=\"elementor-post__excerpt\">\n\t\t\t<p>Presta\u00e7\u00e3o de contas ao fisco e solicita\u00e7\u00e3o do incentivo fiscal est\u00e3o entre as principais demandas tribut\u00e1rias do ano que devem<\/p>\n\t\t<\/div>\n\t\t\t\t\t<a class=\"elementor-post__read-more\" href=\"https:\/\/interaudit.com.br\/index.php\/2021\/10\/05\/empresas-tem-menos-de-uma-semana-para-cumprirem-prazo-da-ecf-e-da-lei-do-bem-3\/\" >\n\t\t\t\tLeia mais \u00bb\t\t\t<\/a>\n\t\t\t\t<\/div>\n\t\t\t\t<div class=\"elementor-post__meta-data\">\n\t\t\t\t\t<span class=\"elementor-post-date\">\n\t\t\toutubro 5, 2021\t\t<\/span>\n\t\t\t\t<span class=\"elementor-post-avatar\">\n\t\t\tNenhum coment\u00e1rio\t\t<\/span>\n\t\t\t\t<\/div>\n\t\t\t\t\t<\/div>\n\t\t<\/article>\n\t\t\t\t<article class=\"elementor-post elementor-grid-item post-1483 post type-post status-publish format-standard has-post-thumbnail hentry category-uncategorized\">\n\t\t\t<div class=\"elementor-post__card\">\n\t\t\t\t<a class=\"elementor-post__thumbnail__link\" href=\"https:\/\/interaudit.com.br\/index.php\/2021\/10\/05\/auxilio-inclusao-ja-esta-disponivel-beneficio-as-pessoas-com-deficiencias-que-recebem-o-bpc\/\" ><div class=\"elementor-post__thumbnail\"><img loading=\"lazy\" decoding=\"async\" width=\"300\" height=\"155\" src=\"https:\/\/interaudit.com.br\/wp-content\/uploads\/2021\/10\/n_48913_eab885e2da096f559c6156338c651c95-300x155.jpg\" class=\"attachment-medium size-medium\" alt=\"\" srcset=\"https:\/\/interaudit.com.br\/wp-content\/uploads\/2021\/10\/n_48913_eab885e2da096f559c6156338c651c95-300x155.jpg 300w, https:\/\/interaudit.com.br\/wp-content\/uploads\/2021\/10\/n_48913_eab885e2da096f559c6156338c651c95-768x397.jpg 768w, https:\/\/interaudit.com.br\/wp-content\/uploads\/2021\/10\/n_48913_eab885e2da096f559c6156338c651c95.jpg 870w\" sizes=\"auto, (max-width: 300px) 100vw, 300px\" \/><\/div><\/a>\n\t\t\t\t<div class=\"elementor-post__badge\">Trabalho e Previd\u00eancia<\/div>\n\t\t\t\t<div class=\"elementor-post__text\">\n\t\t\t\t<h3 class=\"elementor-post__title\">\n\t\t\t<a href=\"https:\/\/interaudit.com.br\/index.php\/2021\/10\/05\/auxilio-inclusao-ja-esta-disponivel-beneficio-as-pessoas-com-deficiencias-que-recebem-o-bpc\/\" >\n\t\t\t\tAux\u00edlio Inclus\u00e3o: j\u00e1 est\u00e1 dispon\u00edvel benef\u00edcio \u00e0s pessoas com defici\u00eancias que recebem o BPC\t\t\t<\/a>\n\t\t<\/h3>\n\t\t\t\t<div class=\"elementor-post__excerpt\">\n\t\t\t<p>Incentivo criado para estimular o cidad\u00e3o a ingressar no mercado de trabalho ser\u00e1 de meio sal\u00e1rio m\u00ednimo. Est\u00e1 dispon\u00edvel desde<\/p>\n\t\t<\/div>\n\t\t\t\t\t<a class=\"elementor-post__read-more\" href=\"https:\/\/interaudit.com.br\/index.php\/2021\/10\/05\/auxilio-inclusao-ja-esta-disponivel-beneficio-as-pessoas-com-deficiencias-que-recebem-o-bpc\/\" >\n\t\t\t\tLeia mais \u00bb\t\t\t<\/a>\n\t\t\t\t<\/div>\n\t\t\t\t<div class=\"elementor-post__meta-data\">\n\t\t\t\t\t<span class=\"elementor-post-date\">\n\t\t\toutubro 5, 2021\t\t<\/span>\n\t\t\t\t<span class=\"elementor-post-avatar\">\n\t\t\tNenhum coment\u00e1rio\t\t<\/span>\n\t\t\t\t<\/div>\n\t\t\t\t\t<\/div>\n\t\t<\/article>\n\t\t\t\t<article class=\"elementor-post elementor-grid-item post-1480 post type-post status-publish format-standard has-post-thumbnail hentry category-uncategorized\">\n\t\t\t<div class=\"elementor-post__card\">\n\t\t\t\t<a class=\"elementor-post__thumbnail__link\" href=\"https:\/\/interaudit.com.br\/index.php\/2021\/10\/05\/abertura-de-empresas-23-estados-ja-simplificaram-procedimentos\/\" ><div class=\"elementor-post__thumbnail\"><img loading=\"lazy\" decoding=\"async\" width=\"300\" height=\"155\" src=\"https:\/\/interaudit.com.br\/wp-content\/uploads\/2021\/10\/n_48918_e24a52691f9bd7fbd96595a0be3914fd-300x155.jpg\" class=\"attachment-medium size-medium\" alt=\"\" srcset=\"https:\/\/interaudit.com.br\/wp-content\/uploads\/2021\/10\/n_48918_e24a52691f9bd7fbd96595a0be3914fd-300x155.jpg 300w, https:\/\/interaudit.com.br\/wp-content\/uploads\/2021\/10\/n_48918_e24a52691f9bd7fbd96595a0be3914fd-768x397.jpg 768w, https:\/\/interaudit.com.br\/wp-content\/uploads\/2021\/10\/n_48918_e24a52691f9bd7fbd96595a0be3914fd.jpg 870w\" sizes=\"auto, (max-width: 300px) 100vw, 300px\" \/><\/div><\/a>\n\t\t\t\t<div class=\"elementor-post__badge\">Trabalho e Previd\u00eancia<\/div>\n\t\t\t\t<div class=\"elementor-post__text\">\n\t\t\t\t<h3 class=\"elementor-post__title\">\n\t\t\t<a href=\"https:\/\/interaudit.com.br\/index.php\/2021\/10\/05\/abertura-de-empresas-23-estados-ja-simplificaram-procedimentos\/\" >\n\t\t\t\tAbertura de empresas: 23 estados j\u00e1 simplificaram procedimentos\t\t\t<\/a>\n\t\t<\/h3>\n\t\t\t\t<div class=\"elementor-post__excerpt\">\n\t\t\t<p>Juntas Comerciais aplicaram as determina\u00e7\u00f5es da Lei 14.195, sancionada no fim de agosto. Os empreendedores de 23 estados e do<\/p>\n\t\t<\/div>\n\t\t\t\t\t<a class=\"elementor-post__read-more\" href=\"https:\/\/interaudit.com.br\/index.php\/2021\/10\/05\/abertura-de-empresas-23-estados-ja-simplificaram-procedimentos\/\" >\n\t\t\t\tLeia mais \u00bb\t\t\t<\/a>\n\t\t\t\t<\/div>\n\t\t\t\t<div class=\"elementor-post__meta-data\">\n\t\t\t\t\t<span class=\"elementor-post-date\">\n\t\t\toutubro 5, 2021\t\t<\/span>\n\t\t\t\t<span class=\"elementor-post-avatar\">\n\t\t\tNenhum coment\u00e1rio\t\t<\/span>\n\t\t\t\t<\/div>\n\t\t\t\t\t<\/div>\n\t\t<\/article>\n\t\t\t\t<article class=\"elementor-post elementor-grid-item post-1472 post type-post status-publish format-standard has-post-thumbnail hentry category-uncategorized\">\n\t\t\t<div class=\"elementor-post__card\">\n\t\t\t\t<a class=\"elementor-post__thumbnail__link\" href=\"https:\/\/interaudit.com.br\/index.php\/2021\/10\/01\/ir-lider-do-governo-afirma-que-reforma-vai-dobrar-numero-de-contribuintes-isentos\/\" ><div class=\"elementor-post__thumbnail\"><img loading=\"lazy\" decoding=\"async\" width=\"300\" height=\"155\" src=\"https:\/\/interaudit.com.br\/wp-content\/uploads\/2021\/10\/n_48856_f526fc106b8042f15f3d25c7706daa64-300x155.jpg\" class=\"attachment-medium size-medium\" alt=\"\" srcset=\"https:\/\/interaudit.com.br\/wp-content\/uploads\/2021\/10\/n_48856_f526fc106b8042f15f3d25c7706daa64-300x155.jpg 300w, https:\/\/interaudit.com.br\/wp-content\/uploads\/2021\/10\/n_48856_f526fc106b8042f15f3d25c7706daa64-768x397.jpg 768w, https:\/\/interaudit.com.br\/wp-content\/uploads\/2021\/10\/n_48856_f526fc106b8042f15f3d25c7706daa64.jpg 870w\" sizes=\"auto, (max-width: 300px) 100vw, 300px\" \/><\/div><\/a>\n\t\t\t\t<div class=\"elementor-post__badge\">Trabalho e Previd\u00eancia<\/div>\n\t\t\t\t<div class=\"elementor-post__text\">\n\t\t\t\t<h3 class=\"elementor-post__title\">\n\t\t\t<a href=\"https:\/\/interaudit.com.br\/index.php\/2021\/10\/01\/ir-lider-do-governo-afirma-que-reforma-vai-dobrar-numero-de-contribuintes-isentos\/\" >\n\t\t\t\tIR: l\u00edder do governo afirma que reforma vai dobrar n\u00famero de contribuintes isentos\t\t\t<\/a>\n\t\t<\/h3>\n\t\t\t\t<div class=\"elementor-post__excerpt\">\n\t\t\t<p>Para Fernando Bezerra Coelho, a C\u00e2mara dos Deputados conseguiu aperfei\u00e7oar o texto da Reforma Tribut\u00e1ria. Nesta ter\u00e7a-feira (28), o l\u00edder<\/p>\n\t\t<\/div>\n\t\t\t\t\t<a class=\"elementor-post__read-more\" href=\"https:\/\/interaudit.com.br\/index.php\/2021\/10\/01\/ir-lider-do-governo-afirma-que-reforma-vai-dobrar-numero-de-contribuintes-isentos\/\" >\n\t\t\t\tLeia mais \u00bb\t\t\t<\/a>\n\t\t\t\t<\/div>\n\t\t\t\t<div class=\"elementor-post__meta-data\">\n\t\t\t\t\t<span class=\"elementor-post-date\">\n\t\t\toutubro 1, 2021\t\t<\/span>\n\t\t\t\t<span class=\"elementor-post-avatar\">\n\t\t\tNenhum coment\u00e1rio\t\t<\/span>\n\t\t\t\t<\/div>\n\t\t\t\t\t<\/div>\n\t\t<\/article>\n\t\t\t\t<article class=\"elementor-post elementor-grid-item post-1469 post type-post status-publish format-standard has-post-thumbnail hentry category-uncategorized\">\n\t\t\t<div class=\"elementor-post__card\">\n\t\t\t\t<a class=\"elementor-post__thumbnail__link\" href=\"https:\/\/interaudit.com.br\/index.php\/2021\/10\/01\/esocial-registro-de-ppp-passara-a-ser-eletronico\/\" ><div class=\"elementor-post__thumbnail\"><img loading=\"lazy\" decoding=\"async\" width=\"300\" height=\"155\" src=\"https:\/\/interaudit.com.br\/wp-content\/uploads\/2021\/10\/n_48873_611123c61982764c7208025cc4198b26-300x155.jpg\" class=\"attachment-medium size-medium\" alt=\"\" srcset=\"https:\/\/interaudit.com.br\/wp-content\/uploads\/2021\/10\/n_48873_611123c61982764c7208025cc4198b26-300x155.jpg 300w, https:\/\/interaudit.com.br\/wp-content\/uploads\/2021\/10\/n_48873_611123c61982764c7208025cc4198b26-768x397.jpg 768w, https:\/\/interaudit.com.br\/wp-content\/uploads\/2021\/10\/n_48873_611123c61982764c7208025cc4198b26.jpg 870w\" sizes=\"auto, (max-width: 300px) 100vw, 300px\" \/><\/div><\/a>\n\t\t\t\t<div class=\"elementor-post__badge\">Trabalho e Previd\u00eancia<\/div>\n\t\t\t\t<div class=\"elementor-post__text\">\n\t\t\t\t<h3 class=\"elementor-post__title\">\n\t\t\t<a href=\"https:\/\/interaudit.com.br\/index.php\/2021\/10\/01\/esocial-registro-de-ppp-passara-a-ser-eletronico\/\" >\n\t\t\t\teSocial: registro de PPP passar\u00e1 a ser eletr\u00f4nico\t\t\t<\/a>\n\t\t<\/h3>\n\t\t\t\t<div class=\"elementor-post__excerpt\">\n\t\t\t<p>As empresas foram divididas em grupos para facilitar a transi\u00e7\u00e3o do PPP para o eSocial. A Portaria MTP 313\/2021, publicada<\/p>\n\t\t<\/div>\n\t\t\t\t\t<a class=\"elementor-post__read-more\" href=\"https:\/\/interaudit.com.br\/index.php\/2021\/10\/01\/esocial-registro-de-ppp-passara-a-ser-eletronico\/\" >\n\t\t\t\tLeia mais \u00bb\t\t\t<\/a>\n\t\t\t\t<\/div>\n\t\t\t\t<div class=\"elementor-post__meta-data\">\n\t\t\t\t\t<span class=\"elementor-post-date\">\n\t\t\toutubro 1, 2021\t\t<\/span>\n\t\t\t\t<span class=\"elementor-post-avatar\">\n\t\t\tNenhum coment\u00e1rio\t\t<\/span>\n\t\t\t\t<\/div>\n\t\t\t\t\t<\/div>\n\t\t<\/article>\n\t\t\t\t<article class=\"elementor-post elementor-grid-item post-1466 post type-post status-publish format-standard has-post-thumbnail hentry category-uncategorized\">\n\t\t\t<div class=\"elementor-post__card\">\n\t\t\t\t<a class=\"elementor-post__thumbnail__link\" href=\"https:\/\/interaudit.com.br\/index.php\/2021\/10\/01\/sp-governo-anuncia-reducao-de-impostos-em-diversos-setores-para-2022\/\" ><div class=\"elementor-post__thumbnail\"><img loading=\"lazy\" decoding=\"async\" width=\"300\" height=\"155\" src=\"https:\/\/interaudit.com.br\/wp-content\/uploads\/2021\/10\/n_48875_fcaa23bee75741cbcd529e43b234753c-300x155.jpg\" class=\"attachment-medium size-medium\" alt=\"\" srcset=\"https:\/\/interaudit.com.br\/wp-content\/uploads\/2021\/10\/n_48875_fcaa23bee75741cbcd529e43b234753c-300x155.jpg 300w, https:\/\/interaudit.com.br\/wp-content\/uploads\/2021\/10\/n_48875_fcaa23bee75741cbcd529e43b234753c-768x397.jpg 768w, https:\/\/interaudit.com.br\/wp-content\/uploads\/2021\/10\/n_48875_fcaa23bee75741cbcd529e43b234753c.jpg 870w\" sizes=\"auto, (max-width: 300px) 100vw, 300px\" \/><\/div><\/a>\n\t\t\t\t<div class=\"elementor-post__badge\">Trabalho e Previd\u00eancia<\/div>\n\t\t\t\t<div class=\"elementor-post__text\">\n\t\t\t\t<h3 class=\"elementor-post__title\">\n\t\t\t<a href=\"https:\/\/interaudit.com.br\/index.php\/2021\/10\/01\/sp-governo-anuncia-reducao-de-impostos-em-diversos-setores-para-2022\/\" >\n\t\t\t\tSP: Governo anuncia redu\u00e7\u00e3o de impostos em diversos setores para 2022\t\t\t<\/a>\n\t\t<\/h3>\n\t\t\t\t<div class=\"elementor-post__excerpt\">\n\t\t\t<p>Governador afirmou que a redu\u00e7\u00e3o de impostos s\u00f3 foi poss\u00edvel pelos bons resultados econ\u00f4micos do Estado O governador de S\u00e3o<\/p>\n\t\t<\/div>\n\t\t\t\t\t<a class=\"elementor-post__read-more\" href=\"https:\/\/interaudit.com.br\/index.php\/2021\/10\/01\/sp-governo-anuncia-reducao-de-impostos-em-diversos-setores-para-2022\/\" >\n\t\t\t\tLeia mais \u00bb\t\t\t<\/a>\n\t\t\t\t<\/div>\n\t\t\t\t<div class=\"elementor-post__meta-data\">\n\t\t\t\t\t<span class=\"elementor-post-date\">\n\t\t\toutubro 1, 2021\t\t<\/span>\n\t\t\t\t<span class=\"elementor-post-avatar\">\n\t\t\tNenhum coment\u00e1rio\t\t<\/span>\n\t\t\t\t<\/div>\n\t\t\t\t\t<\/div>\n\t\t<\/article>\n\t\t\t\t<\/div>\n\n\n\t\t\n\t\t\t\t<\/div>\n\t\t\t\t<\/div>\n\t\t\t\t\t<\/div>\n\t\t<\/div>\n\t\t\t\t\t\t\t<\/div>\n\t\t<\/section>\n\t\t\t\t\t\t<\/div>\n\t\t\t\t\t<\/div>\n\t\t","protected":false},"excerpt":{"rendered":"<p>Boletim Informativo 1 Semana de Outubro 2021 Edi\u00e7\u00e3o 0013\/2021<\/p>\n","protected":false},"author":2,"featured_media":0,"parent":0,"menu_order":0,"comment_status":"closed","ping_status":"closed","template":"","meta":{"footnotes":""},"class_list":["post-1500","page","type-page","status-publish","hentry"],"_links":{"self":[{"href":"https:\/\/interaudit.com.br\/index.php\/wp-json\/wp\/v2\/pages\/1500","targetHints":{"allow":["GET"]}}],"collection":[{"href":"https:\/\/interaudit.com.br\/index.php\/wp-json\/wp\/v2\/pages"}],"about":[{"href":"https:\/\/interaudit.com.br\/index.php\/wp-json\/wp\/v2\/types\/page"}],"author":[{"embeddable":true,"href":"https:\/\/interaudit.com.br\/index.php\/wp-json\/wp\/v2\/users\/2"}],"replies":[{"embeddable":true,"href":"https:\/\/interaudit.com.br\/index.php\/wp-json\/wp\/v2\/comments?post=1500"}],"version-history":[{"count":7,"href":"https:\/\/interaudit.com.br\/index.php\/wp-json\/wp\/v2\/pages\/1500\/revisions"}],"predecessor-version":[{"id":1518,"href":"https:\/\/interaudit.com.br\/index.php\/wp-json\/wp\/v2\/pages\/1500\/revisions\/1518"}],"wp:attachment":[{"href":"https:\/\/interaudit.com.br\/index.php\/wp-json\/wp\/v2\/media?parent=1500"}],"curies":[{"name":"wp","href":"https:\/\/api.w.org\/{rel}","templated":true}]}}