{"id":1255,"date":"2021-08-23T11:42:37","date_gmt":"2021-08-23T11:42:37","guid":{"rendered":"https:\/\/interaudit.com.br\/?page_id=1255"},"modified":"2021-08-23T11:44:14","modified_gmt":"2021-08-23T11:44:14","slug":"boletim-informativo-4-semana-de-agosto-2021","status":"publish","type":"page","link":"https:\/\/interaudit.com.br\/index.php\/boletim-informativo-4-semana-de-agosto-2021\/","title":{"rendered":"Boletim Informativo 4 Semana de Agosto\/2021"},"content":{"rendered":"\t\t<div data-elementor-type=\"wp-page\" data-elementor-id=\"1255\" class=\"elementor elementor-1255\" data-elementor-settings=\"[]\">\n\t\t\t\t\t\t\t<div class=\"elementor-section-wrap\">\n\t\t\t\t\t\t\t<section class=\"elementor-section elementor-top-section elementor-element elementor-element-4d693738 elementor-section-boxed elementor-section-height-default elementor-section-height-default\" data-id=\"4d693738\" data-element_type=\"section\">\n\t\t\t\t\t\t<div class=\"elementor-container elementor-column-gap-default\">\n\t\t\t\t\t<div class=\"elementor-column elementor-col-100 elementor-top-column elementor-element elementor-element-2ff62859\" data-id=\"2ff62859\" data-element_type=\"column\">\n\t\t\t<div class=\"elementor-widget-wrap elementor-element-populated\">\n\t\t\t\t\t\t\t\t<section class=\"elementor-section elementor-inner-section elementor-element elementor-element-63d577e8 elementor-section-boxed elementor-section-height-default elementor-section-height-default\" data-id=\"63d577e8\" data-element_type=\"section\">\n\t\t\t\t\t\t<div class=\"elementor-container elementor-column-gap-default\">\n\t\t\t\t\t<div class=\"elementor-column elementor-col-50 elementor-inner-column elementor-element elementor-element-5ed2e\" data-id=\"5ed2e\" data-element_type=\"column\">\n\t\t\t<div class=\"elementor-widget-wrap elementor-element-populated\">\n\t\t\t\t\t\t\t\t<div class=\"elementor-element elementor-element-55ce4134 elementor-widget elementor-widget-image\" data-id=\"55ce4134\" data-element_type=\"widget\" data-widget_type=\"image.default\">\n\t\t\t\t<div class=\"elementor-widget-container\">\n\t\t\t\t\t\t\t\t\t\t\t\t\t\t\t<img loading=\"lazy\" decoding=\"async\" width=\"664\" height=\"120\" src=\"https:\/\/interaudit.com.br\/wp-content\/uploads\/2021\/04\/logo-horizontal.jpg\" class=\"attachment-large size-large\" alt=\"\" srcset=\"https:\/\/interaudit.com.br\/wp-content\/uploads\/2021\/04\/logo-horizontal.jpg 664w, https:\/\/interaudit.com.br\/wp-content\/uploads\/2021\/04\/logo-horizontal-300x54.jpg 300w\" sizes=\"auto, (max-width: 664px) 100vw, 664px\" \/>\t\t\t\t\t\t\t\t\t\t\t\t\t\t\t<\/div>\n\t\t\t\t<\/div>\n\t\t\t\t\t<\/div>\n\t\t<\/div>\n\t\t\t\t<div class=\"elementor-column elementor-col-50 elementor-inner-column elementor-element elementor-element-969187b\" data-id=\"969187b\" data-element_type=\"column\">\n\t\t\t<div class=\"elementor-widget-wrap elementor-element-populated\">\n\t\t\t\t\t\t\t\t<div class=\"elementor-element elementor-element-3d793c8 elementor-view-default elementor-widget elementor-widget-icon\" data-id=\"3d793c8\" data-element_type=\"widget\" data-widget_type=\"icon.default\">\n\t\t\t\t<div class=\"elementor-widget-container\">\n\t\t\t\t\t<div class=\"elementor-icon-wrapper\">\n\t\t\t<a class=\"elementor-icon\" href=\"https:\/\/instagram.com\/interaudit_contabil?utm_medium=copy_link\" target=\"_blank\">\n\t\t\t<i aria-hidden=\"true\" class=\"fab fa-instagram\"><\/i>\t\t\t<\/a>\n\t\t<\/div>\n\t\t\t\t<\/div>\n\t\t\t\t<\/div>\n\t\t\t\t\t<\/div>\n\t\t<\/div>\n\t\t\t\t\t\t\t<\/div>\n\t\t<\/section>\n\t\t\t\t\t<\/div>\n\t\t<\/div>\n\t\t\t\t\t\t\t<\/div>\n\t\t<\/section>\n\t\t\t\t<section class=\"elementor-section elementor-top-section elementor-element elementor-element-334a9275 elementor-section-boxed elementor-section-height-default elementor-section-height-default\" data-id=\"334a9275\" data-element_type=\"section\" data-settings=\"{&quot;background_background&quot;:&quot;classic&quot;}\">\n\t\t\t\t\t\t<div class=\"elementor-container elementor-column-gap-default\">\n\t\t\t\t\t<div class=\"elementor-column elementor-col-100 elementor-top-column elementor-element elementor-element-62667c54\" data-id=\"62667c54\" data-element_type=\"column\" data-settings=\"{&quot;background_background&quot;:&quot;classic&quot;}\">\n\t\t\t<div class=\"elementor-widget-wrap elementor-element-populated\">\n\t\t\t\t\t\t\t\t<section class=\"elementor-section elementor-inner-section elementor-element elementor-element-40411dc0 elementor-section-boxed elementor-section-height-default elementor-section-height-default\" data-id=\"40411dc0\" data-element_type=\"section\">\n\t\t\t\t\t\t<div class=\"elementor-container elementor-column-gap-default\">\n\t\t\t\t\t<div class=\"elementor-column elementor-col-50 elementor-inner-column elementor-element elementor-element-66c732fb\" data-id=\"66c732fb\" data-element_type=\"column\">\n\t\t\t<div class=\"elementor-widget-wrap elementor-element-populated\">\n\t\t\t\t\t\t\t\t<div class=\"elementor-element elementor-element-619cfebe elementor-widget elementor-widget-heading\" data-id=\"619cfebe\" data-element_type=\"widget\" data-widget_type=\"heading.default\">\n\t\t\t\t<div class=\"elementor-widget-container\">\n\t\t\t<h2 class=\"elementor-heading-title elementor-size-default\">Boletim Informativo<\/h2>\t\t<\/div>\n\t\t\t\t<\/div>\n\t\t\t\t\t<\/div>\n\t\t<\/div>\n\t\t\t\t<div class=\"elementor-column elementor-col-50 elementor-inner-column elementor-element elementor-element-442f3700\" data-id=\"442f3700\" data-element_type=\"column\">\n\t\t\t<div class=\"elementor-widget-wrap elementor-element-populated\">\n\t\t\t\t\t\t\t\t<div class=\"elementor-element elementor-element-525d775b elementor-widget elementor-widget-heading\" data-id=\"525d775b\" data-element_type=\"widget\" data-widget_type=\"heading.default\">\n\t\t\t\t<div class=\"elementor-widget-container\">\n\t\t\t<h2 class=\"elementor-heading-title elementor-size-default\">Edi\u00e7\u00e3o 009|2021<\/h2>\t\t<\/div>\n\t\t\t\t<\/div>\n\t\t\t\t\t<\/div>\n\t\t<\/div>\n\t\t\t\t\t\t\t<\/div>\n\t\t<\/section>\n\t\t\t\t\t<\/div>\n\t\t<\/div>\n\t\t\t\t\t\t\t<\/div>\n\t\t<\/section>\n\t\t\t\t<section class=\"elementor-section elementor-top-section elementor-element elementor-element-5f276eea elementor-section-boxed elementor-section-height-default elementor-section-height-default\" data-id=\"5f276eea\" data-element_type=\"section\">\n\t\t\t\t\t\t<div class=\"elementor-container elementor-column-gap-default\">\n\t\t\t\t\t<div class=\"elementor-column elementor-col-100 elementor-top-column elementor-element elementor-element-5a079934\" data-id=\"5a079934\" data-element_type=\"column\" data-settings=\"{&quot;background_background&quot;:&quot;classic&quot;}\">\n\t\t\t<div class=\"elementor-widget-wrap elementor-element-populated\">\n\t\t\t\t\t\t\t\t<div class=\"elementor-element elementor-element-585db45b elementor-grid-2 elementor-grid-tablet-2 elementor-grid-mobile-1 elementor-posts--thumbnail-top elementor-card-shadow-yes elementor-posts__hover-gradient elementor-widget elementor-widget-posts\" data-id=\"585db45b\" data-element_type=\"widget\" data-settings=\"{&quot;cards_columns&quot;:&quot;2&quot;,&quot;cards_columns_tablet&quot;:&quot;2&quot;,&quot;cards_columns_mobile&quot;:&quot;1&quot;,&quot;cards_row_gap&quot;:{&quot;unit&quot;:&quot;px&quot;,&quot;size&quot;:35,&quot;sizes&quot;:[]},&quot;cards_row_gap_tablet&quot;:{&quot;unit&quot;:&quot;px&quot;,&quot;size&quot;:&quot;&quot;,&quot;sizes&quot;:[]},&quot;cards_row_gap_mobile&quot;:{&quot;unit&quot;:&quot;px&quot;,&quot;size&quot;:&quot;&quot;,&quot;sizes&quot;:[]}}\" data-widget_type=\"posts.cards\">\n\t\t\t\t<div class=\"elementor-widget-container\">\n\t\t\t\t\t<div class=\"elementor-posts-container elementor-posts elementor-posts--skin-cards elementor-grid\">\n\t\t\t\t<article class=\"elementor-post elementor-grid-item post-1252 post type-post status-publish format-standard has-post-thumbnail hentry category-uncategorized\">\n\t\t\t<div class=\"elementor-post__card\">\n\t\t\t\t<a class=\"elementor-post__thumbnail__link\" href=\"https:\/\/interaudit.com.br\/index.php\/2021\/08\/20\/descanso-semanal-remunerado-o-que-e-quem-tem-direito-e-como-calcular\/\" ><div class=\"elementor-post__thumbnail\"><img loading=\"lazy\" decoding=\"async\" width=\"300\" height=\"155\" src=\"https:\/\/interaudit.com.br\/wp-content\/uploads\/2021\/08\/n_48342_f9c2bd6ae78f06e988060e799946360c-300x155.jpg\" class=\"attachment-medium size-medium\" alt=\"\" srcset=\"https:\/\/interaudit.com.br\/wp-content\/uploads\/2021\/08\/n_48342_f9c2bd6ae78f06e988060e799946360c-300x155.jpg 300w, https:\/\/interaudit.com.br\/wp-content\/uploads\/2021\/08\/n_48342_f9c2bd6ae78f06e988060e799946360c-768x397.jpg 768w, https:\/\/interaudit.com.br\/wp-content\/uploads\/2021\/08\/n_48342_f9c2bd6ae78f06e988060e799946360c.jpg 870w\" sizes=\"auto, (max-width: 300px) 100vw, 300px\" \/><\/div><\/a>\n\t\t\t\t<div class=\"elementor-post__badge\">Trabalho e Previd\u00eancia<\/div>\n\t\t\t\t<div class=\"elementor-post__text\">\n\t\t\t\t<h3 class=\"elementor-post__title\">\n\t\t\t<a href=\"https:\/\/interaudit.com.br\/index.php\/2021\/08\/20\/descanso-semanal-remunerado-o-que-e-quem-tem-direito-e-como-calcular\/\" >\n\t\t\t\tDescanso semanal remunerado: o que \u00e9, quem tem direito e como calcular\t\t\t<\/a>\n\t\t<\/h3>\n\t\t\t\t<div class=\"elementor-post__excerpt\">\n\t\t\t<p>O colaborador pode descansar do trabalho ao menos uma vez por semana e receber por isso O descanso semanal remunerado<\/p>\n\t\t<\/div>\n\t\t\t\t\t<a class=\"elementor-post__read-more\" href=\"https:\/\/interaudit.com.br\/index.php\/2021\/08\/20\/descanso-semanal-remunerado-o-que-e-quem-tem-direito-e-como-calcular\/\" >\n\t\t\t\tLeia mais \u00bb\t\t\t<\/a>\n\t\t\t\t<\/div>\n\t\t\t\t<div class=\"elementor-post__meta-data\">\n\t\t\t\t\t<span class=\"elementor-post-date\">\n\t\t\tagosto 20, 2021\t\t<\/span>\n\t\t\t\t<span class=\"elementor-post-avatar\">\n\t\t\tNenhum coment\u00e1rio\t\t<\/span>\n\t\t\t\t<\/div>\n\t\t\t\t\t<\/div>\n\t\t<\/article>\n\t\t\t\t<article class=\"elementor-post elementor-grid-item post-1248 post type-post status-publish format-standard has-post-thumbnail hentry category-uncategorized\">\n\t\t\t<div class=\"elementor-post__card\">\n\t\t\t\t<a class=\"elementor-post__thumbnail__link\" href=\"https:\/\/interaudit.com.br\/index.php\/2021\/08\/20\/novo-refis-permite-que-empresas-parcelem-debitos-em-ate-140-meses\/\" ><div class=\"elementor-post__thumbnail\"><img loading=\"lazy\" decoding=\"async\" width=\"300\" height=\"155\" src=\"https:\/\/interaudit.com.br\/wp-content\/uploads\/2021\/08\/n_48340_7d3b76212a8ebdd03d45fc49a95a9868-300x155.jpg\" class=\"attachment-medium size-medium\" alt=\"\" srcset=\"https:\/\/interaudit.com.br\/wp-content\/uploads\/2021\/08\/n_48340_7d3b76212a8ebdd03d45fc49a95a9868-300x155.jpg 300w, https:\/\/interaudit.com.br\/wp-content\/uploads\/2021\/08\/n_48340_7d3b76212a8ebdd03d45fc49a95a9868-768x397.jpg 768w, https:\/\/interaudit.com.br\/wp-content\/uploads\/2021\/08\/n_48340_7d3b76212a8ebdd03d45fc49a95a9868.jpg 870w\" sizes=\"auto, (max-width: 300px) 100vw, 300px\" \/><\/div><\/a>\n\t\t\t\t<div class=\"elementor-post__badge\">Trabalho e Previd\u00eancia<\/div>\n\t\t\t\t<div class=\"elementor-post__text\">\n\t\t\t\t<h3 class=\"elementor-post__title\">\n\t\t\t<a href=\"https:\/\/interaudit.com.br\/index.php\/2021\/08\/20\/novo-refis-permite-que-empresas-parcelem-debitos-em-ate-140-meses\/\" >\n\t\t\t\tNovo Refis permite que empresas parcelem d\u00e9bitos em at\u00e9 140 meses\t\t\t<\/a>\n\t\t<\/h3>\n\t\t\t\t<div class=\"elementor-post__excerpt\">\n\t\t\t<p>Tributaristas comentam detalhes do programa, que tem que ser aprovado pela C\u00e2mara antes de entrar em vigor. No \u00faltimo dia<\/p>\n\t\t<\/div>\n\t\t\t\t\t<a class=\"elementor-post__read-more\" href=\"https:\/\/interaudit.com.br\/index.php\/2021\/08\/20\/novo-refis-permite-que-empresas-parcelem-debitos-em-ate-140-meses\/\" >\n\t\t\t\tLeia mais \u00bb\t\t\t<\/a>\n\t\t\t\t<\/div>\n\t\t\t\t<div class=\"elementor-post__meta-data\">\n\t\t\t\t\t<span class=\"elementor-post-date\">\n\t\t\tagosto 20, 2021\t\t<\/span>\n\t\t\t\t<span class=\"elementor-post-avatar\">\n\t\t\tNenhum coment\u00e1rio\t\t<\/span>\n\t\t\t\t<\/div>\n\t\t\t\t\t<\/div>\n\t\t<\/article>\n\t\t\t\t<article class=\"elementor-post elementor-grid-item post-1244 post type-post status-publish format-standard has-post-thumbnail hentry category-uncategorized\">\n\t\t\t<div class=\"elementor-post__card\">\n\t\t\t\t<a class=\"elementor-post__thumbnail__link\" href=\"https:\/\/interaudit.com.br\/index.php\/2021\/08\/20\/lgpd-sancoes-comecaram-e-agora\/\" ><div class=\"elementor-post__thumbnail\"><img loading=\"lazy\" decoding=\"async\" width=\"300\" height=\"155\" src=\"https:\/\/interaudit.com.br\/wp-content\/uploads\/2021\/08\/n_48256_2672292548089c65c6648b3f200fcd7f-300x155.jpg\" class=\"attachment-medium size-medium\" alt=\"\" srcset=\"https:\/\/interaudit.com.br\/wp-content\/uploads\/2021\/08\/n_48256_2672292548089c65c6648b3f200fcd7f-300x155.jpg 300w, https:\/\/interaudit.com.br\/wp-content\/uploads\/2021\/08\/n_48256_2672292548089c65c6648b3f200fcd7f-768x397.jpg 768w, https:\/\/interaudit.com.br\/wp-content\/uploads\/2021\/08\/n_48256_2672292548089c65c6648b3f200fcd7f.jpg 870w\" sizes=\"auto, (max-width: 300px) 100vw, 300px\" \/><\/div><\/a>\n\t\t\t\t<div class=\"elementor-post__badge\">Trabalho e Previd\u00eancia<\/div>\n\t\t\t\t<div class=\"elementor-post__text\">\n\t\t\t\t<h3 class=\"elementor-post__title\">\n\t\t\t<a href=\"https:\/\/interaudit.com.br\/index.php\/2021\/08\/20\/lgpd-sancoes-comecaram-e-agora\/\" >\n\t\t\t\tLGPD: san\u00e7\u00f5es come\u00e7aram e agora?\t\t\t<\/a>\n\t\t<\/h3>\n\t\t\t\t<div class=\"elementor-post__excerpt\">\n\t\t\t<p>Multas e advert\u00eancias j\u00e1 est\u00e3o valendo e \u00e9 preciso correr para se adequar o quanto antes Quem n\u00e3o est\u00e1 em<\/p>\n\t\t<\/div>\n\t\t\t\t\t<a class=\"elementor-post__read-more\" href=\"https:\/\/interaudit.com.br\/index.php\/2021\/08\/20\/lgpd-sancoes-comecaram-e-agora\/\" >\n\t\t\t\tLeia mais \u00bb\t\t\t<\/a>\n\t\t\t\t<\/div>\n\t\t\t\t<div class=\"elementor-post__meta-data\">\n\t\t\t\t\t<span class=\"elementor-post-date\">\n\t\t\tagosto 20, 2021\t\t<\/span>\n\t\t\t\t<span class=\"elementor-post-avatar\">\n\t\t\tNenhum coment\u00e1rio\t\t<\/span>\n\t\t\t\t<\/div>\n\t\t\t\t\t<\/div>\n\t\t<\/article>\n\t\t\t\t<article class=\"elementor-post elementor-grid-item post-1241 post type-post status-publish format-standard has-post-thumbnail hentry category-uncategorized\">\n\t\t\t<div class=\"elementor-post__card\">\n\t\t\t\t<a class=\"elementor-post__thumbnail__link\" href=\"https:\/\/interaudit.com.br\/index.php\/2021\/08\/20\/especialistas-apontam-que-ultratividade-de-normas-coletivas-deve-acabar\/\" ><div class=\"elementor-post__thumbnail\"><img loading=\"lazy\" decoding=\"async\" width=\"300\" height=\"155\" src=\"https:\/\/interaudit.com.br\/wp-content\/uploads\/2021\/08\/n_48260_fc5e6944ea9225a8d179907ff8ca2b75-1-300x155.jpg\" class=\"attachment-medium size-medium\" alt=\"\" srcset=\"https:\/\/interaudit.com.br\/wp-content\/uploads\/2021\/08\/n_48260_fc5e6944ea9225a8d179907ff8ca2b75-1-300x155.jpg 300w, https:\/\/interaudit.com.br\/wp-content\/uploads\/2021\/08\/n_48260_fc5e6944ea9225a8d179907ff8ca2b75-1-768x397.jpg 768w, https:\/\/interaudit.com.br\/wp-content\/uploads\/2021\/08\/n_48260_fc5e6944ea9225a8d179907ff8ca2b75-1.jpg 870w\" sizes=\"auto, (max-width: 300px) 100vw, 300px\" \/><\/div><\/a>\n\t\t\t\t<div class=\"elementor-post__badge\">Trabalho e Previd\u00eancia<\/div>\n\t\t\t\t<div class=\"elementor-post__text\">\n\t\t\t\t<h3 class=\"elementor-post__title\">\n\t\t\t<a href=\"https:\/\/interaudit.com.br\/index.php\/2021\/08\/20\/especialistas-apontam-que-ultratividade-de-normas-coletivas-deve-acabar\/\" >\n\t\t\t\tEspecialistas apontam que ultratividade de normas coletivas deve acabar\t\t\t<\/a>\n\t\t<\/h3>\n\t\t\t\t<div class=\"elementor-post__excerpt\">\n\t\t\t<p>Julgamento no STF est\u00e1 suspenso por pedido de vista. No in\u00edcio do m\u00eas o ministro Dias Toffoli fez pedido de<\/p>\n\t\t<\/div>\n\t\t\t\t\t<a class=\"elementor-post__read-more\" href=\"https:\/\/interaudit.com.br\/index.php\/2021\/08\/20\/especialistas-apontam-que-ultratividade-de-normas-coletivas-deve-acabar\/\" >\n\t\t\t\tLeia mais \u00bb\t\t\t<\/a>\n\t\t\t\t<\/div>\n\t\t\t\t<div class=\"elementor-post__meta-data\">\n\t\t\t\t\t<span class=\"elementor-post-date\">\n\t\t\tagosto 20, 2021\t\t<\/span>\n\t\t\t\t<span class=\"elementor-post-avatar\">\n\t\t\tNenhum coment\u00e1rio\t\t<\/span>\n\t\t\t\t<\/div>\n\t\t\t\t\t<\/div>\n\t\t<\/article>\n\t\t\t\t<article class=\"elementor-post elementor-grid-item post-1238 post type-post status-publish format-standard has-post-thumbnail hentry category-administracao\">\n\t\t\t<div class=\"elementor-post__card\">\n\t\t\t\t<a class=\"elementor-post__thumbnail__link\" href=\"https:\/\/interaudit.com.br\/index.php\/2021\/08\/20\/mei-precisa-de-contabilidade-entenda\/\" ><div class=\"elementor-post__thumbnail\"><img loading=\"lazy\" decoding=\"async\" width=\"300\" height=\"155\" src=\"https:\/\/interaudit.com.br\/wp-content\/uploads\/2021\/08\/n_48345_b8595c3760543e18034b64f8a69fdbc5-300x155.jpg\" class=\"attachment-medium size-medium\" alt=\"\" srcset=\"https:\/\/interaudit.com.br\/wp-content\/uploads\/2021\/08\/n_48345_b8595c3760543e18034b64f8a69fdbc5-300x155.jpg 300w, https:\/\/interaudit.com.br\/wp-content\/uploads\/2021\/08\/n_48345_b8595c3760543e18034b64f8a69fdbc5-768x397.jpg 768w, https:\/\/interaudit.com.br\/wp-content\/uploads\/2021\/08\/n_48345_b8595c3760543e18034b64f8a69fdbc5.jpg 870w\" sizes=\"auto, (max-width: 300px) 100vw, 300px\" \/><\/div><\/a>\n\t\t\t\t<div class=\"elementor-post__badge\">Administra\u00e7\u00e3o<\/div>\n\t\t\t\t<div class=\"elementor-post__text\">\n\t\t\t\t<h3 class=\"elementor-post__title\">\n\t\t\t<a href=\"https:\/\/interaudit.com.br\/index.php\/2021\/08\/20\/mei-precisa-de-contabilidade-entenda\/\" >\n\t\t\t\tMEI precisa de contabilidade? Entenda;\t\t\t<\/a>\n\t\t<\/h3>\n\t\t\t\t<div class=\"elementor-post__excerpt\">\n\t\t\t<p>Especialista explica que o microempreendedor poder\u00e1 ser tributado na pessoa f\u00edsica do Imposto de Renda. Com a crise atual e<\/p>\n\t\t<\/div>\n\t\t\t\t\t<a class=\"elementor-post__read-more\" href=\"https:\/\/interaudit.com.br\/index.php\/2021\/08\/20\/mei-precisa-de-contabilidade-entenda\/\" >\n\t\t\t\tLeia mais \u00bb\t\t\t<\/a>\n\t\t\t\t<\/div>\n\t\t\t\t<div class=\"elementor-post__meta-data\">\n\t\t\t\t\t<span class=\"elementor-post-date\">\n\t\t\tagosto 20, 2021\t\t<\/span>\n\t\t\t\t<span class=\"elementor-post-avatar\">\n\t\t\tNenhum coment\u00e1rio\t\t<\/span>\n\t\t\t\t<\/div>\n\t\t\t\t\t<\/div>\n\t\t<\/article>\n\t\t\t\t<article class=\"elementor-post elementor-grid-item post-1214 post type-post status-publish format-standard has-post-thumbnail hentry category-tributario\">\n\t\t\t<div class=\"elementor-post__card\">\n\t\t\t\t<a class=\"elementor-post__thumbnail__link\" href=\"https:\/\/interaudit.com.br\/index.php\/2021\/08\/16\/cancelamento-da-distribuicao-do-processo-dispensa-citacao-ou-intimacao-da-parte-re\/\" ><div class=\"elementor-post__thumbnail\"><img loading=\"lazy\" decoding=\"async\" width=\"300\" height=\"108\" src=\"https:\/\/interaudit.com.br\/wp-content\/uploads\/2021\/08\/3e11b04ebfd40aaa12c0b89e0d36b518-300x108.jpg\" class=\"attachment-medium size-medium\" alt=\"\" srcset=\"https:\/\/interaudit.com.br\/wp-content\/uploads\/2021\/08\/3e11b04ebfd40aaa12c0b89e0d36b518-300x108.jpg 300w, https:\/\/interaudit.com.br\/wp-content\/uploads\/2021\/08\/3e11b04ebfd40aaa12c0b89e0d36b518-768x276.jpg 768w, https:\/\/interaudit.com.br\/wp-content\/uploads\/2021\/08\/3e11b04ebfd40aaa12c0b89e0d36b518.jpg 835w\" sizes=\"auto, (max-width: 300px) 100vw, 300px\" \/><\/div><\/a>\n\t\t\t\t<div class=\"elementor-post__badge\">Tribut\u00e1rio<\/div>\n\t\t\t\t<div class=\"elementor-post__text\">\n\t\t\t\t<h3 class=\"elementor-post__title\">\n\t\t\t<a href=\"https:\/\/interaudit.com.br\/index.php\/2021\/08\/16\/cancelamento-da-distribuicao-do-processo-dispensa-citacao-ou-intimacao-da-parte-re\/\" >\n\t\t\t\tCancelamento da distribui\u00e7\u00e3o do processo dispensa cita\u00e7\u00e3o ou intima\u00e7\u00e3o da parte r\u00e9\t\t\t<\/a>\n\t\t<\/h3>\n\t\t\t\t<div class=\"elementor-post__excerpt\">\n\t\t\t<p>A Decis\u00e3o \u00e9 da Terceira Turma. Para a Terceira Turma do Superior Tribunal de Justi\u00e7a (STJ), o cancelamento da distribui\u00e7\u00e3o<\/p>\n\t\t<\/div>\n\t\t\t\t\t<a class=\"elementor-post__read-more\" href=\"https:\/\/interaudit.com.br\/index.php\/2021\/08\/16\/cancelamento-da-distribuicao-do-processo-dispensa-citacao-ou-intimacao-da-parte-re\/\" >\n\t\t\t\tLeia mais \u00bb\t\t\t<\/a>\n\t\t\t\t<\/div>\n\t\t\t\t<div class=\"elementor-post__meta-data\">\n\t\t\t\t\t<span class=\"elementor-post-date\">\n\t\t\tagosto 16, 2021\t\t<\/span>\n\t\t\t\t<span class=\"elementor-post-avatar\">\n\t\t\tNenhum coment\u00e1rio\t\t<\/span>\n\t\t\t\t<\/div>\n\t\t\t\t\t<\/div>\n\t\t<\/article>\n\t\t\t\t<\/div>\n\n\n\t\t\n\t\t\t\t<\/div>\n\t\t\t\t<\/div>\n\t\t\t\t\t<\/div>\n\t\t<\/div>\n\t\t\t\t\t\t\t<\/div>\n\t\t<\/section>\n\t\t\t\t\t\t<\/div>\n\t\t\t\t\t<\/div>\n\t\t","protected":false},"excerpt":{"rendered":"<p>Boletim Informativo Edi\u00e7\u00e3o 009|2021<\/p>\n","protected":false},"author":2,"featured_media":0,"parent":0,"menu_order":0,"comment_status":"closed","ping_status":"closed","template":"elementor_canvas","meta":{"footnotes":""},"class_list":["post-1255","page","type-page","status-publish","hentry"],"_links":{"self":[{"href":"https:\/\/interaudit.com.br\/index.php\/wp-json\/wp\/v2\/pages\/1255","targetHints":{"allow":["GET"]}}],"collection":[{"href":"https:\/\/interaudit.com.br\/index.php\/wp-json\/wp\/v2\/pages"}],"about":[{"href":"https:\/\/interaudit.com.br\/index.php\/wp-json\/wp\/v2\/types\/page"}],"author":[{"embeddable":true,"href":"https:\/\/interaudit.com.br\/index.php\/wp-json\/wp\/v2\/users\/2"}],"replies":[{"embeddable":true,"href":"https:\/\/interaudit.com.br\/index.php\/wp-json\/wp\/v2\/comments?post=1255"}],"version-history":[{"count":4,"href":"https:\/\/interaudit.com.br\/index.php\/wp-json\/wp\/v2\/pages\/1255\/revisions"}],"predecessor-version":[{"id":1259,"href":"https:\/\/interaudit.com.br\/index.php\/wp-json\/wp\/v2\/pages\/1255\/revisions\/1259"}],"wp:attachment":[{"href":"https:\/\/interaudit.com.br\/index.php\/wp-json\/wp\/v2\/media?parent=1255"}],"curies":[{"name":"wp","href":"https:\/\/api.w.org\/{rel}","templated":true}]}}